{"id":496,"date":"2020-03-17T19:52:44","date_gmt":"2020-03-17T19:52:44","guid":{"rendered":"http:\/\/neu.foto-schlaeper.de\/?page_id=496"},"modified":"2022-06-26T12:50:48","modified_gmt":"2022-06-26T12:50:48","slug":"angebote","status":"publish","type":"page","link":"https:\/\/foto-schlaeper.de\/?page_id=496","title":{"rendered":"Angebote"},"content":{"rendered":"\n<hr class=\"wp-block-separator has-text-color has-background is-style-wide\" style=\"background-color:#55b9b7;color:#55b9b7\"\/>\n\n\n\n<h1 class=\"has-text-color wp-block-heading\" style=\"color:#ff8801\">Sparpakete<\/h1>\n\n\n\n<hr class=\"wp-block-separator has-text-color has-background is-style-wide\" style=\"background-color:#55b9b7;color:#55b9b7\"\/>\n\n\n\n<div class=\"wp-block-columns is-layout-flex wp-container-core-columns-is-layout-9d6595d7 wp-block-columns-is-layout-flex\">\n<div class=\"wp-block-column is-layout-flow wp-block-column-is-layout-flow\">\n<h2 class=\"wp-block-heading\"><br>Sparpaket \u00bb 1<\/h2>\n\n\n\n<h2 class=\"has-text-color wp-block-heading\" style=\"color:#d63333\">\u20ac 99,00 *<\/h2>\n\n\n\n<ul class=\"wp-block-list\"><li>5 Fotos in der Gr\u00f6\u00dfe 15 x 20 cm<\/li><li>Bilder als Jpeg-Dateien (360 dpi)<\/li><\/ul>\n\n\n\n<p><strong>zzgl. Shootinggeb\u00fchr<\/strong><\/p>\n\n\n\n<h2 class=\"wp-block-heading\">Sparpaket \u00bb 3<\/h2>\n\n\n\n<h2 class=\"has-text-color wp-block-heading\" style=\"color:#d63333\">\u20ac 219,00 *<\/h2>\n\n\n\n<ul class=\"wp-block-list\"><li>20 Fotos in der Gr\u00f6\u00dfe 15 x 20 cm<\/li><li>Bilder als Jpeg-Dateien (360 dpi)<\/li><\/ul>\n\n\n\n<p><strong>zzgl. Shootinggeb\u00fchr<\/strong><\/p>\n<\/div>\n\n\n\n<div class=\"wp-block-column is-layout-flow wp-block-column-is-layout-flow\">\n<h2 class=\"trennbalken wp-block-heading\"><br>SPARPAKET \u00bb 2<\/h2>\n\n\n\n<h2 class=\"has-text-color wp-block-heading\" style=\"color:#d63333\">\u20ac 149,00 *<\/h2>\n\n\n\n<ul class=\"wp-block-list\"><li>10 Fotos in der Gr\u00f6\u00dfe 15 x 20 cm<\/li><li>Bilder als Jpeg-Dateien (360 dpi)<\/li><\/ul>\n\n\n\n<p><strong>zzgl. Shootinggeb\u00fchr<\/strong><\/p>\n\n\n\n<h2 class=\"trennbalken wp-block-heading\">SPARPAKET \u00bb 4<\/h2>\n\n\n\n<h2 class=\"has-text-color wp-block-heading\" style=\"color:#d63333\">\u20ac 279,00 *<\/h2>\n\n\n\n<ul class=\"wp-block-list\"><li>30 Fotos in der Gr\u00f6\u00dfe 15 x 20 cm<\/li><li>Bilder als Jpeg-Dateien (360 dpi)<\/li><\/ul>\n\n\n\n<p><strong>zzgl. Shootinggeb\u00fchr<\/strong><\/p>\n<\/div>\n<\/div>\n\n\n\n<div style=\"height:25px\" aria-hidden=\"true\" class=\"wp-block-spacer\"><\/div>\n\n\n\n<p style=\"color:#d63333\" class=\"has-text-color has-small-font-size\">* Alle Preise inklusive der gesetzlichen MwSt.  \u00c4nderung und Irrt\u00fcmer vorbehalten.<\/p>\n\n\n\n<hr class=\"wp-block-separator has-text-color has-background is-style-wide\" style=\"background-color:#55b9b7;color:#55b9b7\"\/>\n\n\n\n<h1 class=\"has-text-color wp-block-heading\" style=\"color:#ff8801\">Print- und Digitalausgabe<\/h1>\n\n\n\n<hr class=\"wp-block-separator has-text-color has-background is-style-wide\" style=\"background-color:#55b9b7;color:#55b9b7\"\/>\n\n\n\n<div class=\"wp-block-columns is-layout-flex wp-container-core-columns-is-layout-9d6595d7 wp-block-columns-is-layout-flex\">\n\n<div class=\"wp-block-column is-layout-flow wp-block-column-is-layout-flow\">\n\n<h2 class=\"wp-block-heading\"><br>Fotoabz\u00fcge<\/h2>\n\n\n<p><strong>Gr\u00f6\u00dfe \u00bb 15 x 20 cm<\/strong><\/p>\n\n\n<div class=\"wp-block-columns is-layout-flex wp-container-core-columns-is-layout-9d6595d7 wp-block-columns-is-layout-flex\">\n\n<div class=\"wp-block-column liste is-layout-flow wp-block-column-is-layout-flow\">\n\n<h4 class=\"wp-block-heading\"><\/br><\/br>1 Foto<\/h4>\n\n\n<h4 class=\"wp-block-heading\">3 Fotos<\/h4>\n\n\n<h4 class=\"wp-block-heading\">4 Fotos<\/h4>\n\n\n<h4 class=\"wp-block-heading\">10 Fotos<\/h4>\n\n\n<h4 class=\"wp-block-heading\">20 Fotos<\/h4>\n\n\n<h4 class=\"wp-block-heading\">30 Fotos<\/h4>\n\n<\/div>\n\n\n<div class=\"wp-block-column is-layout-flow wp-block-column-is-layout-flow\">\n\n<h4 class=\"has-text-color wp-block-heading\" style=\"color:#d63333\"><\/br><\/br>\u20ac 19,00 *<\/h4>\n\n\n<h4 class=\"has-text-color wp-block-heading\" style=\"color:#d63333\">\u20ac 49,00 *<\/h4>\n\n\n<h4 class=\"has-text-color wp-block-heading\" style=\"color:#d63333\">\u20ac 79,00 *<\/h4>\n\n\n<h4 class=\"has-text-color wp-block-heading\" style=\"color:#d63333\">\u20ac 129,00 *<\/h4>\n\n\n<h4 class=\"has-text-color wp-block-heading\" style=\"color:#d63333\">\u20ac 199,00 *<\/h4>\n\n\n<h4 class=\"has-text-color wp-block-heading\" style=\"color:#d63333\">\u20ac 269,00 *<\/h4>\n\n<\/div>\n\n<\/div>\n\n\n<p><strong>zzgl. Shootinggeb\u00fcr<\/strong><\/p>\n\n<\/div>\n\n\n<div class=\"wp-block-column is-layout-flow wp-block-column-is-layout-flow\">\n\n<h2 class=\"wp-block-heading\"><br>Bilddateien<\/h2>\n\n\n<p><strong>Aufl\u00f6sung \u00bb 360 dpi<\/strong><\/p>\n\n\n<div class=\"wp-block-columns is-layout-flex wp-container-core-columns-is-layout-9d6595d7 wp-block-columns-is-layout-flex\">\n\n<div class=\"wp-block-column liste is-layout-flow wp-block-column-is-layout-flow\">\n\n<h4 class=\"wp-block-heading\"><\/br><\/br>1 Jpeg<\/h4>\n\n\n<h4 class=\"wp-block-heading\">10 Jpegs<\/h4>\n\n\n<h4 class=\"wp-block-heading\">20 Jpegs<\/h4>\n\n\n<h4 class=\"wp-block-heading\">30 Jpegs<\/h4>\n\n\n<h4 class=\"wp-block-heading\">40 Jpegs<\/h4>\n\n\n<h4 class=\"wp-block-heading\">50 Jpegs<\/h4>\n\n<\/div>\n\n\n<div class=\"wp-block-column is-layout-flow wp-block-column-is-layout-flow\">\n\n<h4 class=\"has-text-color wp-block-heading\" style=\"color:#d63333\"><\/br><\/br>\u20ac 25,00 *<\/h4>\n\n\n<h4 class=\"has-text-color wp-block-heading\" style=\"color:#d63333\">\u20ac 199,00 *<\/h4>\n\n\n<h4 class=\"has-text-color wp-block-heading\" style=\"color:#d63333\">\u20ac 249,00 *<\/h4>\n\n\n<h4 class=\"has-text-color wp-block-heading\" style=\"color:#d63333\">\u20ac 299,00 *<\/h4>\n\n\n<h4 class=\"has-text-color wp-block-heading\" style=\"color:#d63333\">\u20ac 349,00 *<\/h4>\n<!-s- \/wp:heading -->\n   \n\n<h4 class=\"has-text-color wp-block-heading\" style=\"color:#d63333\">\u20ac 399,00 *<\/h4>\n\n<\/div>\n\n<\/div>\n\n\n<p><strong>inkl. Nutzungsrecht<\/strong><\/p>\n\n<\/div>\n\n<\/div>\n\n\n<div style=\"height:25px\" aria-hidden=\"true\" class=\"wp-block-spacer\"><\/div>\n\n\n<p style=\"color:#d63333\" class=\"has-text-color has-small-font-size\">* Alle Preise inklusive der gesetzlichen MwSt.  \u00c4nderung und Irrt\u00fcmer vorbehalten.<\/p>\n\n\n<hr class=\"wp-block-separator has-text-color has-background is-style-wide\" style=\"background-color:#55b9b7;color:#55b9b7\"\/>\n\n\n<p><\/p>\n\n","protected":false},"excerpt":{"rendered":"<p>Sparpakete Sparpaket \u00bb 1 \u20ac 99,00 * 5 Fotos in der Gr\u00f6\u00dfe 15 x 20 cm Bilder als Jpeg-Dateien (360 dpi) zzgl. Shootinggeb\u00fchr Sparpaket \u00bb 3 \u20ac 219,00 * 20 Fotos in der Gr\u00f6\u00dfe 15 x 20 cm Bilder als Jpeg-Dateien (360 dpi) zzgl. Shootinggeb\u00fchr SPARPAKET \u00bb 2 \u20ac 149,00 * 10 Fotos in der [&hellip;]<\/p>\n","protected":false},"author":1,"featured_media":0,"parent":0,"menu_order":0,"comment_status":"closed","ping_status":"closed","template":"","meta":{"ngg_post_thumbnail":0,"footnotes":""},"class_list":["post-496","page","type-page","status-publish","hentry"],"_links":{"self":[{"href":"https:\/\/foto-schlaeper.de\/index.php?rest_route=\/wp\/v2\/pages\/496","targetHints":{"allow":["GET"]}}],"collection":[{"href":"https:\/\/foto-schlaeper.de\/index.php?rest_route=\/wp\/v2\/pages"}],"about":[{"href":"https:\/\/foto-schlaeper.de\/index.php?rest_route=\/wp\/v2\/types\/page"}],"author":[{"embeddable":true,"href":"https:\/\/foto-schlaeper.de\/index.php?rest_route=\/wp\/v2\/users\/1"}],"replies":[{"embeddable":true,"href":"https:\/\/foto-schlaeper.de\/index.php?rest_route=%2Fwp%2Fv2%2Fcomments&post=496"}],"version-history":[{"count":93,"href":"https:\/\/foto-schlaeper.de\/index.php?rest_route=\/wp\/v2\/pages\/496\/revisions"}],"predecessor-version":[{"id":767,"href":"https:\/\/foto-schlaeper.de\/index.php?rest_route=\/wp\/v2\/pages\/496\/revisions\/767"}],"wp:attachment":[{"href":"https:\/\/foto-schlaeper.de\/index.php?rest_route=%2Fwp%2Fv2%2Fmedia&parent=496"}],"curies":[{"name":"wp","href":"https:\/\/api.w.org\/{rel}","templated":true}]}}